{"id":51,"date":"2022-09-06T12:51:04","date_gmt":"2022-09-06T12:51:04","guid":{"rendered":"https:\/\/xn--imlmedsosu-25a.dk\/?page_id=51"},"modified":"2022-11-08T09:34:53","modified_gmt":"2022-11-08T09:34:53","slug":"elevnetvaerk-i-oplaeringstiden","status":"publish","type":"page","link":"https:\/\/xn--imlmedsosu-25a.dk\/index.php\/elevnetvaerk-i-oplaeringstiden\/","title":{"rendered":"Elevnetv\u00e6rk i opl\u00e6ringstiden"},"content":{"rendered":"<p>[et_pb_section fb_built=&#8221;1&#8243; custom_padding_last_edited=&#8221;on|desktop&#8221; _builder_version=&#8221;4.18.0&#8243; _module_preset=&#8221;default&#8221; background_color=&#8221;rgba(196,196,196,0.25)&#8221; background_image=&#8221;https:\/\/xn--imlmedsosu-25a.dk\/wp-content\/uploads\/2022\/11\/kk.png&#8221; background_blend=&#8221;color-dodge&#8221; min_height=&#8221;450px&#8221; min_height_tablet=&#8221;450px&#8221; min_height_phone=&#8221;236px&#8221; min_height_last_edited=&#8221;on|phone&#8221; height=&#8221;615px&#8221; height_tablet=&#8221;615px&#8221; height_phone=&#8221;302px&#8221; height_last_edited=&#8221;on|phone&#8221; max_height=&#8221;706px&#8221; max_height_tablet=&#8221;706px&#8221; max_height_phone=&#8221;706px&#8221; max_height_last_edited=&#8221;on|phone&#8221; custom_padding=&#8221;||||false|false&#8221; custom_padding_tablet=&#8221;||||false|false&#8221; custom_padding_phone=&#8221;40px||40px||false|false&#8221; hover_enabled=&#8221;0&#8243; background_last_edited=&#8221;on|phone&#8221; background_blend_phone=&#8221;normal&#8221; global_colors_info=&#8221;{}&#8221; title_text=&#8221;kk&#8221; sticky_enabled=&#8221;0&#8243;][\/et_pb_section][et_pb_section fb_built=&#8221;1&#8243; _builder_version=&#8221;4.18.0&#8243; _module_preset=&#8221;default&#8221; background_color=&#8221;#4d7078&#8243; global_colors_info=&#8221;{}&#8221;][et_pb_row _builder_version=&#8221;4.18.0&#8243; _module_preset=&#8221;default&#8221; width=&#8221;100%&#8221; width_tablet=&#8221;100%&#8221; width_phone=&#8221;100%&#8221; width_last_edited=&#8221;on|desktop&#8221; max_width_tablet=&#8221;&#8221; max_width_phone=&#8221;&#8221; max_width_last_edited=&#8221;on|desktop&#8221; module_alignment=&#8221;center&#8221; custom_margin=&#8221;||||false|false&#8221; custom_margin_tablet=&#8221;|auto||96px||&#8221; custom_margin_phone=&#8221;-53px|0px||10px|false|false&#8221; custom_margin_last_edited=&#8221;on|phone&#8221; custom_padding=&#8221;||||false|false&#8221; global_colors_info=&#8221;{}&#8221; max_width__hover_enabled=&#8221;on|desktop&#8221;][et_pb_column type=&#8221;4_4&#8243; _builder_version=&#8221;4.18.0&#8243; _module_preset=&#8221;default&#8221; custom_padding_tablet=&#8221;&#8221; custom_padding_phone=&#8221;&#8221; custom_padding_last_edited=&#8221;on|phone&#8221; global_colors_info=&#8221;{}&#8221;][et_pb_text content_tablet=&#8221;<\/p>\n<h1>Elevnetv\u00e6rk i opl\u00e6ringstiden &#8211; forskellige m\u00e5lgrupper<\/h1>\n<p>Onesize fits all &#8211; er ikke altid svaret. Erfaringer fra en r\u00e6kke kommuner viser, at effekten af indsatser bliver st\u00f8rre, n\u00e5r initiativet tilrettel\u00e6gges efter en klar m\u00e5lgruppe. S\u00e5danne initiativer kan se ud p\u00e5 mange m\u00e5der og vil naturligt v\u00e6re tilpasset kommunest\u00f8rrelse og elevvolumen. Vigtigst er det, at elevernes ressourcer bringes i spil.<\/p>\n<p>&#8221; content_phone=&#8221;<\/p>\n<h1>Elevnetv\u00e6rk i opl\u00e6ringstiden<br \/>&#8211; forskellige m\u00e5lgrupper<\/h1>\n<p>Onesize fits all &#8211; er ikke altid svaret. Erfaringer fra en r\u00e6kke kommuner viser, at effekten af indsatser bliver st\u00f8rre, n\u00e5r initiativet tilrettel\u00e6gges efter en klar m\u00e5lgruppe. S\u00e5danne initiativer kan se ud p\u00e5 mange m\u00e5der og vil naturligt v\u00e6re tilpasset kommunest\u00f8rrelse og elevvolumen. Vigtigst er det, at elevernes ressourcer bringes i spil.<\/p>\n<p>&#8221; content_last_edited=&#8221;on|phone&#8221; _builder_version=&#8221;4.18.0&#8243; _module_preset=&#8221;default&#8221; text_font=&#8221;||||||||&#8221; text_text_color=&#8221;#FFFFFF&#8221; text_font_size=&#8221;18px&#8221; text_line_height=&#8221;1.5em&#8221; header_font=&#8221;|700|||||||&#8221; header_text_color=&#8221;#c48b56&#8243; header_font_size=&#8221;36px&#8221; width_tablet=&#8221;53%&#8221; width_phone=&#8221;100%&#8221; width_last_edited=&#8221;on|phone&#8221; max_width=&#8221;100%&#8221; max_width_tablet=&#8221;100%&#8221; max_width_phone=&#8221;100%&#8221; max_width_last_edited=&#8221;on|phone&#8221; module_alignment=&#8221;center&#8221; min_height_tablet=&#8221;&#8221; min_height_phone=&#8221;&#8221; min_height_last_edited=&#8221;on|phone&#8221; custom_padding=&#8221;10px|10px|10px|10px|false|false&#8221; custom_padding_tablet=&#8221;10px|10px|10px|10px|false|false&#8221; custom_padding_phone=&#8221;10px|20px|10px|20px|false|false&#8221; custom_padding_last_edited=&#8221;on|desktop&#8221; text_font_size_tablet=&#8221;18px&#8221; text_font_size_phone=&#8221;15px&#8221; text_font_size_last_edited=&#8221;on|phone&#8221; text_line_height_tablet=&#8221;1.5em&#8221; text_line_height_phone=&#8221;1.5em&#8221; text_line_height_last_edited=&#8221;on|phone&#8221; header_text_color_tablet=&#8221;#c48b56&#8243; header_text_color_phone=&#8221;#c48b56&#8243; header_text_color_last_edited=&#8221;on|phone&#8221; header_font_size_tablet=&#8221;36px&#8221; header_font_size_phone=&#8221;18px&#8221; header_font_size_last_edited=&#8221;on|desktop&#8221; header_line_height_tablet=&#8221;&#8221; header_line_height_phone=&#8221;1.5em&#8221; header_line_height_last_edited=&#8221;on|phone&#8221; module_alignment_tablet=&#8221;&#8221; module_alignment_phone=&#8221;center&#8221; module_alignment_last_edited=&#8221;on|desktop&#8221; global_colors_info=&#8221;{}&#8221;]<\/p>\n<h1>Elevnetv\u00e6rk i opl\u00e6ringstiden &#8211; forskellige m\u00e5lgrupper<\/h1>\n<p>Onesize fits all &#8211; er ikke altid svaret. Erfaringer fra en r\u00e6kke kommuner viser, at effekten af indsatser bliver st\u00f8rre, n\u00e5r initiativet tilrettel\u00e6gges efter en klar m\u00e5lgruppe. S\u00e5danne initiativer kan se ud p\u00e5 mange m\u00e5der og vil naturligt v\u00e6re tilpasset kommunest\u00f8rrelse og elevvolumen. Vigtigst er det, at elevernes ressourcer bringes i spil.<\/p>\n<p>[\/et_pb_text][\/et_pb_column][\/et_pb_row][et_pb_row column_structure=&#8221;1_2,1_2&#8243; make_equal=&#8221;on&#8221; _builder_version=&#8221;4.18.0&#8243; _module_preset=&#8221;default&#8221; custom_margin=&#8221;|auto|-5px|auto||&#8221; global_colors_info=&#8221;{}&#8221; locked=&#8221;off&#8221; custom_padding=&#8221;||0px|||&#8221;][et_pb_column type=&#8221;1_2&#8243; _builder_version=&#8221;4.18.0&#8243; _module_preset=&#8221;default&#8221; global_colors_info=&#8221;{}&#8221;][et_pb_video src=&#8221;https:\/\/xn--imlmedsosu-25a.dk\/wp-content\/uploads\/2022\/11\/Koebenhavn-med-tekst.mp4&#8243; image_src=&#8221;https:\/\/xn--imlmedsosu-25a.dk\/wp-content\/uploads\/2022\/11\/kk.png&#8221; _builder_version=&#8221;4.18.0&#8243; _module_preset=&#8221;default&#8221; custom_padding=&#8221;0px|0px|0px|0px|false|false&#8221; hover_enabled=&#8221;0&#8243; border_radii=&#8221;on|5px|5px|5px|5px&#8221; box_shadow_style=&#8221;preset3&#8243; global_colors_info=&#8221;{}&#8221; title_text=&#8221;kk&#8221; sticky_enabled=&#8221;0&#8243;][\/et_pb_video][\/et_pb_column][et_pb_column type=&#8221;1_2&#8243; _builder_version=&#8221;4.18.0&#8243; _module_preset=&#8221;default&#8221; global_colors_info=&#8221;{}&#8221;][et_pb_text _builder_version=&#8221;4.18.0&#8243; _module_preset=&#8221;default&#8221; header_font=&#8221;||||||||&#8221; header_text_color=&#8221;#4d7078&#8243; header_font_size=&#8221;20px&#8221; background_color=&#8221;#FFFFFF&#8221; width_tablet=&#8221;&#8221; width_phone=&#8221;&#8221; width_last_edited=&#8221;on|phone&#8221; max_width_tablet=&#8221;&#8221; max_width_phone=&#8221;&#8221; max_width_last_edited=&#8221;on|phone&#8221; min_height_tablet=&#8221;&#8221; min_height_phone=&#8221;&#8221; min_height_last_edited=&#8221;on|phone&#8221; height_tablet=&#8221;&#8221; height_phone=&#8221;&#8221; height_last_edited=&#8221;on|phone&#8221; max_height_tablet=&#8221;&#8221; max_height_phone=&#8221;&#8221; max_height_last_edited=&#8221;on|phone&#8221; custom_margin=&#8221;1px||10px||false|false&#8221; custom_margin_tablet=&#8221;20px||10px||false|false&#8221; custom_margin_phone=&#8221;20px||10px||false|false&#8221; custom_margin_last_edited=&#8221;on|desktop&#8221; custom_padding=&#8221;10px|10px|10px|10px|false|false&#8221; module_alignment_tablet=&#8221;&#8221; module_alignment_phone=&#8221;&#8221; module_alignment_last_edited=&#8221;on|phone&#8221; border_radii=&#8221;on|5px|5px|5px|5px&#8221; border_width_all=&#8221;1px&#8221; border_color_all=&#8221;#FFFFFF&#8221; box_shadow_style=&#8221;preset3&#8243; global_colors_info=&#8221;{}&#8221; locked=&#8221;off&#8221;]<\/p>\n<h1>Netv\u00e6rk for sprogligt udfordrede<\/h1>\n<p><span data-contrast=\"none\">I K\u00f8benhavns Kommune har man oprettet netv\u00e6rk for elever med dansk som andet sprog, der har brug for sprogst\u00f8tte. Netv\u00e6rkerne er blevet oprettet som led i en st\u00f8rre sprogindsats m\u00e5lrettet disse elever. Form\u00e5let med netv\u00e6rksm\u00f8derne er blandt andet at s\u00e6tte fokus p\u00e5 elevernes egen rolle i at l\u00e6re sprog i <\/span><span data-contrast=\"none\">opl\u00e6ringen<\/span><span data-contrast=\"none\">, at udbrede metoder til pr\u00e6sentation af egne talenter og ressourcer i <\/span><span data-contrast=\"none\">opl\u00e6ringen<\/span><span data-contrast=\"none\">, introduktion til dansk kagekultur samt at give elever med lignende udfordringer i uddannelsen et rum til at dele erfaringer.<\/span><span data-ccp-props=\"{&quot;201341983&quot;:0,&quot;335559738&quot;:120,&quot;335559739&quot;:120,&quot;335559740&quot;:259}\">\u00a0<\/span><\/p>\n<p><span data-contrast=\"none\">Netv\u00e6rket er dog en lille del af sprogindsatsen, da de kun m\u00f8des to gange af to timer. Til geng\u00e6ld har de en st\u00f8rre netv\u00e6rksindsat for dansksprogede elever, der inkluderer faglighed og netv\u00e6rk mellem j\u00e6vnaldrende. Dette har \u00f8get trivsel og gennemf\u00f8rsel af s\u00e6rligt unge elever mellem 16-20 \u00e5r.<\/span><span data-ccp-props=\"{&quot;201341983&quot;:0,&quot;335559740&quot;:259}\">\u00a0<\/span><\/p>\n<p>[\/et_pb_text][et_pb_toggle title=&#8221;L\u00e6s mere&#8221; open_toggle_text_color=&#8221;#4d7079&#8243; open_toggle_background_color=&#8221;#FFFFFF&#8221; closed_toggle_text_color=&#8221;#4d7078&#8243; closed_toggle_background_color=&#8221;#FFFFFF&#8221; icon_color=&#8221;#4d7078&#8243; toggle_icon=&#8221;&#x33;||divi||400&#8243; open_icon_color=&#8221;#c48b56&#8243; open_toggle_icon=&#8221;&#x32;||divi||400&#8243; _builder_version=&#8221;4.18.0&#8243; _module_preset=&#8221;default&#8221; title_text_color=&#8221;#FFFFFF&#8221; title_level=&#8221;h1&#8243; title_font_size=&#8221;15px&#8221; title_letter_spacing=&#8221;3px&#8221; background_color=&#8221;#c48b56&#8243; width=&#8221;100%&#8221; custom_margin_tablet=&#8221;&#8221; custom_margin_phone=&#8221;||6px||false|false&#8221; custom_margin_last_edited=&#8221;on|phone&#8221; custom_padding_tablet=&#8221;&#8221; custom_padding_phone=&#8221;||||false|false&#8221; custom_padding_last_edited=&#8221;on|phone&#8221; border_radii=&#8221;on|5px|5px|5px|5px&#8221; border_width_all=&#8221;0px&#8221; border_color_all=&#8221;#c48b56&#8243; box_shadow_style=&#8221;preset3&#8243; global_colors_info=&#8221;{}&#8221;]<\/p>\n<p>I K\u00f8benhavns Kommune har man for at f\u00e5 flere elever til gennemf\u00f8re uddannelserne oprettet elevnetv\u00e6rk for blandt andet unge elever og elever med dansk som andetsprog. Indsatsen tager udgangspunkt i, at m\u00e5lgrupperne har behov for forskellige faglige aktiviteter og giver samtidig eleverne mulighed for at kombinere det sociale med faglig erfaringsudveksling.<\/p>\n<p><strong>Kort om indsatsen <\/strong><\/p>\n<p>Netv\u00e6rksgrupperne i K\u00f8benhavns Kommune tager udgangspunkt i prim\u00e6rt to forskellige m\u00e5lgrupper; 16-20-\u00e5rige og social- og sundhedselever med dansk som andetsprog. Under netv\u00e6rksm\u00f8derne f\u00e5r eleverne mulighed for at danne relationer med elever p\u00e5 tv\u00e6rs af de kommunens forskellige opl\u00e6ringssteder. Form\u00e5let med netv\u00e6rksm\u00f8derne er, at eleverne f\u00e5r et sikkert rum at dele erfaringer og udfordringer med andre j\u00e6vnaldrende.<\/p>\n<p>De sociale aktiviteter bidrager til at kl\u00e6de eleverne fagligt p\u00e5 til n\u00e6ste del af deres uddannelse. Aktiviteterne varierer blandt andet mellem velkomstfest med fagpersoner, besvarelse af elevsp\u00f8rgsm\u00e5l, fejringer af endte opl\u00e6ringsforl\u00f8b og sociale arrangementer med faglige inputs (som for eksempel \u201dL\u00e6r at lave sm\u00f8rrebr\u00f8d\u201d). Der er fokus p\u00e5, at aktiviteterne giver unge lyst til at fort\u00e6lle om deres uddannelse. Dette skaber \u00f8get fokus p\u00e5 social-. og sundhedsuddannelsen og bidrager til at fort\u00e6lle de gode historier om faget.<\/p>\n<p><strong>Effekter af indsatsen <\/strong><\/p>\n<p>Det store fokus p\u00e5 sociale og faglige aktiviteter bidrager til \u00f8get fastholdelse og trivsel hos social- og sundhedseleverne i K\u00f8benhavns Kommune.<\/p>\n<p><strong>Yderligere information <\/strong><\/p>\n<p>Netv\u00e6rk for social- og sundhedselever med dansk som andetsprog:<br \/>&#8211; <a href=\"https:\/\/uddannelse.kk.dk\/for-praktiksteder\/uddannelser\/sosu\/sprogstoette\/tal-om-kultur-paa-jeres-arbejdsplads\" target=\"_blank\" rel=\"noopener\">TAL om kultur p\u00e5 jeres arbejdsplads<\/a><br \/>&#8211; <a href=\"https:\/\/uddannelse.kk.dk\/for-praktiksteder\/uddannelser\/sosu\/sprogstoette\/skema-til-dialog-om-at-arbejde-med-sprog\" target=\"_blank\" rel=\"noopener\">Skema til dialog om at arbejde med sprog<\/a><\/p>\n<p>Netv\u00e6rk for unge social- og sundhedsassistentelever:<br \/>&#8211; <a href=\"https:\/\/uddannelse.kk.dk\/for-praktiksteder\/uddannelser\/sosu\/vejledning\/praktikvejlederboksen\" target=\"_blank\" rel=\"noopener\">Praktikvejlederboksen<\/a><\/p>\n<p>[\/et_pb_toggle][\/et_pb_column][\/et_pb_row][et_pb_row column_structure=&#8221;1_2,1_2&#8243; make_equal=&#8221;on&#8221; _builder_version=&#8221;4.18.0&#8243; _module_preset=&#8221;default&#8221; custom_margin=&#8221;||||false|false&#8221; custom_padding=&#8221;||54px|||&#8221; global_colors_info=&#8221;{}&#8221;][et_pb_column type=&#8221;1_2&#8243; _builder_version=&#8221;4.18.0&#8243; _module_preset=&#8221;default&#8221; global_colors_info=&#8221;{}&#8221;][\/et_pb_column][et_pb_column type=&#8221;1_2&#8243; _builder_version=&#8221;4.18.0&#8243; _module_preset=&#8221;default&#8221; hover_enabled=&#8221;0&#8243; global_colors_info=&#8221;{}&#8221; sticky_enabled=&#8221;0&#8243;][et_pb_text _builder_version=&#8221;4.18.0&#8243; _module_preset=&#8221;default&#8221; header_font=&#8221;||||||||&#8221; header_text_color=&#8221;#4d7078&#8243; header_font_size=&#8221;20px&#8221; background_color=&#8221;#FFFFFF&#8221; width_tablet=&#8221;&#8221; width_phone=&#8221;&#8221; width_last_edited=&#8221;on|tablet&#8221; max_width_tablet=&#8221;&#8221; max_width_phone=&#8221;&#8221; max_width_last_edited=&#8221;on|phone&#8221; min_height_tablet=&#8221;&#8221; min_height_phone=&#8221;&#8221; min_height_last_edited=&#8221;on|phone&#8221; height_tablet=&#8221;&#8221; height_phone=&#8221;&#8221; height_last_edited=&#8221;on|tablet&#8221; max_height=&#8221;1000px&#8221; max_height_tablet=&#8221;&#8221; max_height_phone=&#8221;1000px&#8221; max_height_last_edited=&#8221;on|phone&#8221; custom_margin=&#8221;20px||10px||false|false&#8221; custom_margin_tablet=&#8221;20px||10px||false|false&#8221; custom_margin_phone=&#8221;20px||10px||false|false&#8221; custom_margin_last_edited=&#8221;on|desktop&#8221; custom_padding=&#8221;10px|10px|10px|10px|false|false&#8221; hover_enabled=&#8221;0&#8243; border_radii=&#8221;on|5px|5px|5px|5px&#8221; border_width_all=&#8221;1px&#8221; border_color_all=&#8221;#FFFFFF&#8221; box_shadow_style=&#8221;preset3&#8243; global_colors_info=&#8221;{}&#8221; sticky_enabled=&#8221;0&#8243;]<\/p>\n<h1>Hverdagscaf\u00e9<\/h1>\n<p><span data-contrast=\"none\" xml:lang=\"DA-DK\" lang=\"DA-DK\" class=\"TextRun Highlight SCXW124757743 BCX9\"><span class=\"NormalTextRun SCXW124757743 BCX9\">Hverdagscaf\u00e9en er en tidlig forebyggelsesindsats, hvor elever p\u00e5 tv\u00e6rs af <\/span><\/span><span data-contrast=\"none\" xml:lang=\"DA-DK\" lang=\"DA-DK\" class=\"TextRun SCXW124757743 BCX9\"><span class=\"NormalTextRun SCXW124757743 BCX9\">opl\u00e6ringssteder<\/span><\/span><span data-contrast=\"none\" xml:lang=\"DA-DK\" lang=\"DA-DK\" class=\"TextRun Highlight SCXW124757743 BCX9\"><span class=\"NormalTextRun SCXW124757743 BCX9\">\u00a0kan m\u00f8de hinanden en fast ugedag hver m\u00e5ned. I hverdagscaf\u00e9en kan eleverne ogs\u00e5 m\u00f8de deres arbejdsgiver og uddannelsesvejleder fra skolen.<\/span><\/span><\/p>\n<p>[\/et_pb_text][et_pb_toggle title=&#8221;L\u00e6s mere&#8221; open_toggle_text_color=&#8221;#4d7079&#8243; open_toggle_background_color=&#8221;#FFFFFF&#8221; closed_toggle_text_color=&#8221;#4d7078&#8243; closed_toggle_background_color=&#8221;#FFFFFF&#8221; icon_color=&#8221;#4d7078&#8243; toggle_icon=&#8221;&#x33;||divi||400&#8243; open_icon_color=&#8221;#c48b56&#8243; open_toggle_icon=&#8221;&#x32;||divi||400&#8243; _builder_version=&#8221;4.18.0&#8243; _module_preset=&#8221;default&#8221; title_text_color=&#8221;#FFFFFF&#8221; title_level=&#8221;h1&#8243; title_font_size=&#8221;15px&#8221; title_letter_spacing=&#8221;3px&#8221; background_color=&#8221;#c48b56&#8243; width=&#8221;100%&#8221; border_radii=&#8221;on|5px|5px|5px|5px&#8221; border_width_all=&#8221;0px&#8221; border_color_all=&#8221;#c48b56&#8243; box_shadow_style=&#8221;preset3&#8243; global_colors_info=&#8221;{}&#8221;]<\/p>\n<p><a href=\"https:\/\/www.xn--gennemfrelse-1jb.dk\/home\/aktiviteter-der-understoetter-fastholdelsen-af-eleverne-i-praktikken-paa-sosu-uddannelserne\/hverdags-cafe\/\" target=\"_blank\" rel=\"noopener\">Gennemf\u00f8rsel.dk: Hverdagscaf\u00e9<\/a><\/p>\n<p>[\/et_pb_toggle][\/et_pb_column][\/et_pb_row][et_pb_row _builder_version=&#8221;4.18.0&#8243; _module_preset=&#8221;default&#8221; min_height=&#8221;56px&#8221; min_height_tablet=&#8221;56px&#8221; min_height_phone=&#8221;56px&#8221; min_height_last_edited=&#8221;on|phone&#8221; max_height=&#8221;1000px&#8221; custom_margin=&#8221;||||false|false&#8221; custom_padding=&#8221;0px||0px|||&#8221; global_colors_info=&#8221;{}&#8221;][et_pb_column type=&#8221;4_4&#8243; _builder_version=&#8221;4.18.0&#8243; _module_preset=&#8221;default&#8221; global_colors_info=&#8221;{}&#8221;][et_pb_button button_url=&#8221;https:\/\/xn--imlmedsosu-25a.dk\/&#8221; button_text=&#8221;Tilbage til forsiden&#8221; button_alignment=&#8221;center&#8221; _builder_version=&#8221;4.18.0&#8243; _module_preset=&#8221;default&#8221; custom_button=&#8221;on&#8221; button_bg_color=&#8221;RGBA(255,255,255,0)&#8221; button_border_color=&#8221;RGBA(255,255,255,0)&#8221; button_font=&#8221;|600|||||||&#8221; button_icon=&#8221;&#x34;||divi||400&#8243; button_icon_color=&#8221;#c48b56&#8243; button_icon_placement=&#8221;left&#8221; button_on_hover=&#8221;off&#8221; background_layout=&#8221;dark&#8221; global_colors_info=&#8221;{}&#8221; button_icon_color__hover_enabled=&#8221;on|hover&#8221; button_icon_color__hover=&#8221;#FFFFFF&#8221;][\/et_pb_button][\/et_pb_column][\/et_pb_row][\/et_pb_section]<\/p>\n","protected":false},"excerpt":{"rendered":"<p>Elevnetv\u00e6rk i opl\u00e6ringstiden &#8211; forskellige m\u00e5lgrupper Onesize fits all &#8211; er ikke altid svaret. Erfaringer fra en r\u00e6kke kommuner viser, at effekten af indsatser bliver st\u00f8rre, n\u00e5r initiativet tilrettel\u00e6gges efter en klar m\u00e5lgruppe. S\u00e5danne initiativer kan se ud p\u00e5 mange m\u00e5der og vil naturligt v\u00e6re tilpasset kommunest\u00f8rrelse og elevvolumen. Vigtigst er det, at elevernes ressourcer [&hellip;]<\/p>\n","protected":false},"author":1,"featured_media":0,"parent":0,"menu_order":0,"comment_status":"closed","ping_status":"closed","template":"","meta":{"_et_pb_use_builder":"on","_et_pb_old_content":"","_et_gb_content_width":"","_monsterinsights_skip_tracking":false,"_monsterinsights_sitenote_active":false,"_monsterinsights_sitenote_note":"","_monsterinsights_sitenote_category":0,"footnotes":""},"class_list":["post-51","page","type-page","status-publish","hentry"],"aioseo_notices":[],"_links":{"self":[{"href":"https:\/\/xn--imlmedsosu-25a.dk\/index.php\/wp-json\/wp\/v2\/pages\/51","targetHints":{"allow":["GET"]}}],"collection":[{"href":"https:\/\/xn--imlmedsosu-25a.dk\/index.php\/wp-json\/wp\/v2\/pages"}],"about":[{"href":"https:\/\/xn--imlmedsosu-25a.dk\/index.php\/wp-json\/wp\/v2\/types\/page"}],"author":[{"embeddable":true,"href":"https:\/\/xn--imlmedsosu-25a.dk\/index.php\/wp-json\/wp\/v2\/users\/1"}],"replies":[{"embeddable":true,"href":"https:\/\/xn--imlmedsosu-25a.dk\/index.php\/wp-json\/wp\/v2\/comments?post=51"}],"version-history":[{"count":13,"href":"https:\/\/xn--imlmedsosu-25a.dk\/index.php\/wp-json\/wp\/v2\/pages\/51\/revisions"}],"predecessor-version":[{"id":283,"href":"https:\/\/xn--imlmedsosu-25a.dk\/index.php\/wp-json\/wp\/v2\/pages\/51\/revisions\/283"}],"wp:attachment":[{"href":"https:\/\/xn--imlmedsosu-25a.dk\/index.php\/wp-json\/wp\/v2\/media?parent=51"}],"curies":[{"name":"wp","href":"https:\/\/api.w.org\/{rel}","templated":true}]}}